{"id":119,"date":"2024-03-25T09:34:08","date_gmt":"2024-03-25T12:34:08","guid":{"rendered":"http:\/\/pierrecormon.com\/?post_type=obra&#038;p=119"},"modified":"2024-05-09T12:00:39","modified_gmt":"2024-05-09T15:00:39","slug":"resenhas","status":"publish","type":"obra","link":"https:\/\/pierrecormon.com\/fr\/obra\/as-memorias-de-sata\/resenhas\/","title":{"rendered":"Critiques"},"content":{"rendered":"<p>\u00ab Pierre Cormon r\u00e9cidive, s\u2019attaquant carr\u00e9ment \u00e0 la cr\u00e9ation du monde. Il le dynamite compl\u00e8tement, r\u00e9\u00e9crivant La Gen\u00e8se de mani\u00e8re irr\u00e9v\u00e9rencieuse, ce qui ne laissera pas d\u2019en choquer certains mais plaira \u00e0 tous les autres. \u00bb<br \/>\n<strong>Ricochet jeunes<\/strong><\/p>\n<p>\u00ab Une vraie dimension philosophique, qui bouscule les id\u00e9es re\u00e7ues sur le bien et le mal \u00bb<br \/>\n<strong>La Tribune de Gen\u00e8ve<\/strong><\/p>","protected":false},"excerpt":{"rendered":"<p>\u00ab Pierre Cormon r\u00e9cidive, s\u2019attaquant carr\u00e9ment \u00e0 la cr\u00e9ation du monde. Il le dynamite compl\u00e8tement, r\u00e9\u00e9crivant La Gen\u00e8se de mani\u00e8re irr\u00e9v\u00e9rencieuse, ce qui ne laissera [&hellip;]<\/p>\n","protected":false},"featured_media":0,"parent":117,"menu_order":11,"template":"","class_list":["post-119","obra","type-obra","status-publish","hentry"],"acf":[],"_links":{"self":[{"href":"https:\/\/pierrecormon.com\/fr\/wp-json\/wp\/v2\/obra\/119","targetHints":{"allow":["GET"]}}],"collection":[{"href":"https:\/\/pierrecormon.com\/fr\/wp-json\/wp\/v2\/obra"}],"about":[{"href":"https:\/\/pierrecormon.com\/fr\/wp-json\/wp\/v2\/types\/obra"}],"up":[{"embeddable":true,"href":"https:\/\/pierrecormon.com\/fr\/wp-json\/wp\/v2\/obra\/117"}],"wp:attachment":[{"href":"https:\/\/pierrecormon.com\/fr\/wp-json\/wp\/v2\/media?parent=119"}],"curies":[{"name":"wp","href":"https:\/\/api.w.org\/{rel}","templated":true}]}}